{"id":1633,"date":"2026-04-23T10:01:35","date_gmt":"2026-04-23T08:01:35","guid":{"rendered":"https:\/\/pirenne.com\/?page_id=1633"},"modified":"2026-04-29T20:25:05","modified_gmt":"2026-04-29T18:25:05","slug":"vendre-appartement-geneve","status":"publish","type":"page","link":"https:\/\/pirenne.com\/vendre-appartement-geneve\/","title":{"rendered":"VENTE"},"content":{"rendered":"\t\t<div data-elementor-type=\"wp-page\" data-elementor-id=\"1633\" class=\"elementor elementor-1633\" data-elementor-settings=\"{&quot;ha_cmc_init_switcher&quot;:&quot;no&quot;}\" data-elementor-post-type=\"page\">\n\t\t\t\t\t\t<section class=\"elementor-section elementor-top-section elementor-element elementor-element-50e18a79 elementor-section-height-min-height elementor-section-content-middle elementor-section-stretched elementor-section-boxed elementor-section-height-default elementor-section-items-middle wpr-particle-no wpr-jarallax-no wpr-parallax-no wpr-sticky-section-no jltma-glass-effect-no wpr-equal-height-no\" data-id=\"50e18a79\" data-element_type=\"section\" data-e-type=\"section\" data-settings=\"{&quot;background_background&quot;:&quot;classic&quot;,&quot;stretch_section&quot;:&quot;section-stretched&quot;,&quot;_ha_eqh_enable&quot;:false}\">\n\t\t\t\t\t\t\t<div class=\"elementor-background-overlay\"><\/div>\n\t\t\t\t\t\t\t<div class=\"elementor-container elementor-column-gap-default\">\n\t\t\t\t\t<div class=\"elementor-column elementor-col-100 elementor-top-column elementor-element elementor-element-68f4c9ec jltma-glass-effect-no\" data-id=\"68f4c9ec\" data-element_type=\"column\" data-e-type=\"column\">\n\t\t\t<div class=\"elementor-widget-wrap elementor-element-populated\">\n\t\t\t\t\t\t\t<\/div>\n\t\t<\/div>\n\t\t\t\t\t<\/div>\n\t\t<\/section>\n\t\t\t\t<section class=\"elementor-section elementor-top-section elementor-element elementor-element-47f74e33 elementor-section-content-middle elementor-section-stretched elementor-section-boxed elementor-section-height-default elementor-section-height-default wpr-particle-no wpr-jarallax-no wpr-parallax-no wpr-sticky-section-no jltma-glass-effect-no wpr-equal-height-no\" data-id=\"47f74e33\" data-element_type=\"section\" data-e-type=\"section\" data-settings=\"{&quot;stretch_section&quot;:&quot;section-stretched&quot;,&quot;background_background&quot;:&quot;classic&quot;,&quot;shape_divider_bottom&quot;:&quot;waves&quot;,&quot;shape_divider_bottom_negative&quot;:&quot;yes&quot;,&quot;_ha_eqh_enable&quot;:false}\">\n\t\t\t\t\t<div class=\"elementor-shape elementor-shape-bottom\" aria-hidden=\"true\" data-negative=\"true\">\n\t\t\t<svg xmlns=\"http:\/\/www.w3.org\/2000\/svg\" viewBox=\"0 0 1000 100\" preserveAspectRatio=\"none\">\n\t<path class=\"elementor-shape-fill\" d=\"M790.5,93.1c-59.3-5.3-116.8-18-192.6-50c-29.6-12.7-76.9-31-100.5-35.9c-23.6-4.9-52.6-7.8-75.5-5.3\n\tc-10.2,1.1-22.6,1.4-50.1,7.4c-27.2,6.3-58.2,16.6-79.4,24.7c-41.3,15.9-94.9,21.9-134,22.6C72,58.2,0,25.8,0,25.8V100h1000V65.3\n\tc0,0-51.5,19.4-106.2,25.7C839.5,97,814.1,95.2,790.5,93.1z\"\/>\n<\/svg>\t\t<\/div>\n\t\t\t\t\t<div class=\"elementor-container elementor-column-gap-default\">\n\t\t\t\t\t<div class=\"elementor-column elementor-col-100 elementor-top-column elementor-element elementor-element-418c225f jltma-glass-effect-no\" data-id=\"418c225f\" data-element_type=\"column\" data-e-type=\"column\">\n\t\t\t<div class=\"elementor-widget-wrap elementor-element-populated\">\n\t\t\t\t\t\t<div class=\"elementor-element elementor-element-7a81b8e4 elementor-view-default jltma-glass-effect-no elementor-widget elementor-widget-icon\" data-id=\"7a81b8e4\" data-element_type=\"widget\" data-e-type=\"widget\" data-settings=\"{&quot;ha_floating_fx&quot;:&quot;yes&quot;,&quot;ha_floating_fx_scale_toggle&quot;:&quot;yes&quot;,&quot;ha_floating_fx_scale_x&quot;:{&quot;unit&quot;:&quot;px&quot;,&quot;size&quot;:&quot;&quot;,&quot;sizes&quot;:{&quot;from&quot;:1,&quot;to&quot;:1.1999999999999999555910790149937383830547332763671875}},&quot;ha_floating_fx_scale_y&quot;:{&quot;unit&quot;:&quot;px&quot;,&quot;size&quot;:&quot;&quot;,&quot;sizes&quot;:{&quot;from&quot;:1,&quot;to&quot;:1.1999999999999999555910790149937383830547332763671875}},&quot;ha_floating_fx_scale_duration&quot;:{&quot;unit&quot;:&quot;px&quot;,&quot;size&quot;:1000,&quot;sizes&quot;:[]},&quot;ha_floating_fx_scale_delay&quot;:{&quot;unit&quot;:&quot;px&quot;,&quot;size&quot;:&quot;&quot;,&quot;sizes&quot;:[]}}\" data-widget_type=\"icon.default\">\n\t\t\t\t<div class=\"elementor-widget-container\">\n\t\t\t\t\t\t\t<div class=\"elementor-icon-wrapper\">\n\t\t\t<div class=\"elementor-icon\">\n\t\t\t<i aria-hidden=\"true\" class=\"hm hm-home\"><\/i>\t\t\t<\/div>\n\t\t<\/div>\n\t\t\t\t\t\t<\/div>\n\t\t\t\t<\/div>\n\t\t\t\t<div class=\"elementor-element elementor-element-30f6a974 jltma-glass-effect-no elementor-invisible elementor-widget elementor-widget-heading\" data-id=\"30f6a974\" data-element_type=\"widget\" data-e-type=\"widget\" data-settings=\"{&quot;_animation&quot;:&quot;zoomIn&quot;}\" data-widget_type=\"heading.default\">\n\t\t\t\t<div class=\"elementor-widget-container\">\n\t\t\t\t\t<h1 class=\"elementor-heading-title elementor-size-default\">Vendre un appartement \u00e0 Gen\u00e8ve \u2013 Strat\u00e9gie de vente sur mesure<\/h1>\t\t\t\t<\/div>\n\t\t\t\t<\/div>\n\t\t\t\t<div class=\"elementor-element elementor-element-46ef8d74 jltma-glass-effect-no elementor-widget elementor-widget-text-editor\" data-id=\"46ef8d74\" data-element_type=\"widget\" data-e-type=\"widget\" data-widget_type=\"text-editor.default\">\n\t\t\t\t<div class=\"elementor-widget-container\">\n\t\t\t\t\t\t\t\t\t<p>Vendre un bien immobilier est une \u00e9tape importante qui n\u00e9cessite une approche strat\u00e9gique, rigoureuse et adapt\u00e9e au march\u00e9 local. Chez FP Immobilier, je vous accompagne pour vendre un appartement \u00e0 Gen\u00e8ve dans les meilleures conditions, en alliant expertise, visibilit\u00e9 et accompagnement personnalis\u00e9.<br \/>Chaque projet est unique. Mon r\u00f4le est de comprendre vos objectifs, d\u2019analyser votre bien et de mettre en place une strat\u00e9gie efficace pour vendre un appartement \u00e0 Gen\u00e8ve rapidement, tout en optimisant sa valeur. Gr\u00e2ce \u00e0 une connaissance approfondie du march\u00e9 genevois, je vous guide avec transparence et pr\u00e9cision \u00e0 chaque \u00e9tape.<\/p>\t\t\t\t\t\t\t\t<\/div>\n\t\t\t\t<\/div>\n\t\t\t\t\t<\/div>\n\t\t<\/div>\n\t\t\t\t\t<\/div>\n\t\t<\/section>\n\t\t\t\t<section class=\"elementor-section elementor-top-section elementor-element elementor-element-648c2089 elementor-section-content-middle elementor-section-stretched elementor-section-boxed elementor-section-height-default elementor-section-height-default wpr-particle-no wpr-jarallax-no wpr-parallax-no wpr-sticky-section-no jltma-glass-effect-no wpr-equal-height-no\" data-id=\"648c2089\" data-element_type=\"section\" data-e-type=\"section\" data-settings=\"{&quot;stretch_section&quot;:&quot;section-stretched&quot;,&quot;_ha_eqh_enable&quot;:false}\">\n\t\t\t\t\t\t<div class=\"elementor-container elementor-column-gap-default\">\n\t\t\t\t\t<div class=\"elementor-column elementor-col-50 elementor-top-column elementor-element elementor-element-dfe331f jltma-glass-effect-no\" data-id=\"dfe331f\" data-element_type=\"column\" data-e-type=\"column\">\n\t\t\t<div class=\"elementor-widget-wrap elementor-element-populated\">\n\t\t\t\t\t\t<div class=\"elementor-element elementor-element-2aa8a5d9 jltma-glass-effect-no elementor-widget elementor-widget-ucaddon_image_reveal_on_scroll\" data-id=\"2aa8a5d9\" data-element_type=\"widget\" data-e-type=\"widget\" data-widget_type=\"ucaddon_image_reveal_on_scroll.default\">\n\t\t\t\t<div class=\"elementor-widget-container\">\n\t\t\t\t\t\n<!-- start Scroll Image Reveal -->\n\t\t<link id='uc_ac_assets_file_uc_image_reveal_css_545-css' href='https:\/\/pirenne.com\/wp-content\/uploads\/ac_assets\/image_reveal_on_scroll\/uc_image_reveal.css' type='text\/css' rel='stylesheet' >\n\n<style>\/* widget: Scroll Image Reveal *\/\n\n    #uc_image_reveal_on_scroll_elementor_2aa8a5d9 .uc_overlay{\n      right: 0;\n\t} \n\t\n\n\n\n\n#uc_image_reveal_on_scroll_elementor_2aa8a5d9 .uc_reveal{\n\ttransition: ease-in-out all 2s;\n    transition-delay: 250ms;\n}\n\n#uc_image_reveal_on_scroll_elementor_2aa8a5d9 img\n{\n  display:block;\n}\n\n<\/style>\n\n<div class=\"uc_image_reveal\" id=\"uc_image_reveal_on_scroll_elementor_2aa8a5d9\">\n  <div class=\"uc_image_reveal_box\">\n              \n\t  <img fetchpriority=\"high\" decoding=\"async\" src=\"https:\/\/pirenne.com\/wp-content\/uploads\/2026\/04\/image12.jpg\" class=\"ue-img\" width=\"100%\"  src=\"https:\/\/pirenne.com\/wp-content\/uploads\/2026\/04\/image12.jpg\" alt=\"image12\" width=\"700\" height=\"500\">\n          \n          \n\t<div class=\"uc_overlay iv-jello\" aria-hidden=\"true\"><\/div>\n        \n  <\/div>\n<\/div>\n<!-- end Scroll Image Reveal -->\t\t\t\t<\/div>\n\t\t\t\t<\/div>\n\t\t\t\t\t<\/div>\n\t\t<\/div>\n\t\t\t\t<div class=\"elementor-column elementor-col-50 elementor-top-column elementor-element elementor-element-74b61fe1 jltma-glass-effect-no\" data-id=\"74b61fe1\" data-element_type=\"column\" data-e-type=\"column\">\n\t\t\t<div class=\"elementor-widget-wrap elementor-element-populated\">\n\t\t\t\t\t\t<div class=\"elementor-element elementor-element-13ae99e6 jltma-glass-effect-no elementor-widget elementor-widget-heading\" data-id=\"13ae99e6\" data-element_type=\"widget\" data-e-type=\"widget\" data-widget_type=\"heading.default\">\n\t\t\t\t<div class=\"elementor-widget-container\">\n\t\t\t\t\t<h2 class=\"elementor-heading-title elementor-size-default\">Vendre un bien immobilier \u00e0 Gen\u00e8ve efficacement<\/h2>\t\t\t\t<\/div>\n\t\t\t\t<\/div>\n\t\t\t\t<div class=\"elementor-element elementor-element-6764b452 jltma-glass-effect-no elementor-widget elementor-widget-text-editor\" data-id=\"6764b452\" data-element_type=\"widget\" data-e-type=\"widget\" data-widget_type=\"text-editor.default\">\n\t\t\t\t<div class=\"elementor-widget-container\">\n\t\t\t\t\t\t\t\t\t<p>Le march\u00e9 immobilier genevois est exigeant et concurrentiel. Pour vendre un appartement \u00e0 Gen\u00e8ve, il est essentiel de positionner votre bien de mani\u00e8re juste d\u00e8s le d\u00e9part. Une mauvaise estimation ou une strat\u00e9gie inadapt\u00e9e peut ralentir consid\u00e9rablement la vente.<\/p><p>Mon approche repose sur une analyse fine du march\u00e9 : \u00e9tude des biens comparables, tendances actuelles, attentes des acheteurs et dynamique des quartiers. Cela permet de d\u00e9finir un prix coh\u00e9rent et attractif, capable de g\u00e9n\u00e9rer rapidement de l\u2019int\u00e9r\u00eat.<br \/>Pour vendre un appartement \u00e0 Gen\u00e8ve, il ne suffit pas de publier une annonce. Il faut savoir capter l\u2019attention, susciter l\u2019\u00e9motion et cibler les bons acqu\u00e9reurs. C\u2019est cette combinaison entre strat\u00e9gie et compr\u00e9hension du march\u00e9 qui fait la diff\u00e9rence.<\/p>\t\t\t\t\t\t\t\t<\/div>\n\t\t\t\t<\/div>\n\t\t\t\t\t<\/div>\n\t\t<\/div>\n\t\t\t\t\t<\/div>\n\t\t<\/section>\n\t\t\t\t<section class=\"elementor-section elementor-top-section elementor-element elementor-element-68a0db5 elementor-section-content-middle elementor-section-stretched elementor-section-boxed elementor-section-height-default elementor-section-height-default wpr-particle-no wpr-jarallax-no wpr-parallax-no wpr-sticky-section-no jltma-glass-effect-no wpr-equal-height-no\" data-id=\"68a0db5\" data-element_type=\"section\" data-e-type=\"section\" data-settings=\"{&quot;stretch_section&quot;:&quot;section-stretched&quot;,&quot;_ha_eqh_enable&quot;:false}\">\n\t\t\t\t\t\t<div class=\"elementor-container elementor-column-gap-default\">\n\t\t\t\t\t<div class=\"elementor-column elementor-col-100 elementor-top-column elementor-element elementor-element-e4d8d1b jltma-glass-effect-no\" data-id=\"e4d8d1b\" data-element_type=\"column\" data-e-type=\"column\">\n\t\t\t<div class=\"elementor-widget-wrap elementor-element-populated\">\n\t\t\t\t\t\t<div class=\"elementor-element elementor-element-e0a09fc jltma-glass-effect-no elementor-widget elementor-widget-heading\" data-id=\"e0a09fc\" data-element_type=\"widget\" data-e-type=\"widget\" data-widget_type=\"heading.default\">\n\t\t\t\t<div class=\"elementor-widget-container\">\n\t\t\t\t\t<h2 class=\"elementor-heading-title elementor-size-default\">Biens en vente<\/h2>\t\t\t\t<\/div>\n\t\t\t\t<\/div>\n\t\t\t\t<div class=\"elementor-element elementor-element-fb92ac4 jltma-glass-effect-no elementor-widget elementor-widget-es-listings-widget\" data-id=\"fb92ac4\" data-element_type=\"widget\" data-e-type=\"widget\" data-widget_type=\"es-listings-widget.default\">\n\t\t\t\t<div class=\"elementor-widget-container\">\n\t\t\t\t\t\n    \n    <div class=\"es-wrap hestia\">\n                <div class=\"es-listing es-layout-3_col\" data-layout=\"es-layout-3_col\">\n                            \n<div id=\"post-1727\" class=\"properties post-1727 type-properties status-publish has-post-thumbnail hentry es_category-vente es_type-maison\">\n    <div class=\"es-property-inner\">\n        <div class=\"es-property-thumbnail\">\n            <div class=\"es-thumbnail\">\n                <a href=\"https:\/\/pirenne.com\/property\/maison-mitoyenne\/\">\n                                            <img decoding=\"async\" width=\"536\" height=\"370\" src=\"https:\/\/pirenne.com\/wp-content\/uploads\/2026\/04\/2785_690323dbf39102.65589784-536x370.jpg\" class=\"attachment-es-image-size-archive size-es-image-size-archive\" alt=\"\" \/>                    \n                                            <ul class=\"es-property-label-wrap\">\n                                                                                                                                                                                                                                                                                                    <\/ul>\n                    \t                                        <div class=\"es-thumbnail-bottom\">18<\/div>\n\t                                <\/a>\n            <\/div>\n        <\/div>\n\n        <div class=\"es-property-info\">\n\n            <div class=\"es-row-view\">\n                <h2>\n                    <a href=\"https:\/\/pirenne.com\/property\/maison-mitoyenne\/\">Maison mitoyenne<\/a>\n                                    <\/h2>\n            <\/div>\n\n            <div class=\"es-col-view\">\n                <h2>\n                    <a class=\"es-property-link\" href=\"https:\/\/pirenne.com\/property\/maison-mitoyenne\/\">Maison mitoyenne<\/a>\n\t                <a href='#' class='js-es-wishlist-button' data-id='1727' data-method='add'><i class='fa fa-heart-o' aria-hidden='true'><\/i><\/a>                <\/h2>\n\t                        <\/div>\n\n\t        \n            <div class=\"es-property-content\">\n                <div class=\"es-property-excerpt\">\n\t\t            <p>Situ\u00e9e dans la commune recherch\u00e9e de Corsier (GE) sur la Rive Gauche, cette jolie maison mitoyenne datant du d\u00e9but du XX\u00e8me si\u00e8cle se trouve sur une parcelle totalisant 760m2, et propose une surface habitable d&rsquo;approximativement 235m2, r\u00e9partie sur 3 \u00e9tages: (rez-de-chauss\u00e9e, 1er \u00e9tage, combles). La maison principale est compos\u00e9e comme<\/p>\n                <\/div>\n                <div class=\"es-property-wishlist\">\n\t\t            <a href='#' class='js-es-wishlist-button' data-id='1727' data-method='add'><i class='fa fa-heart-o' aria-hidden='true'><\/i><\/a>                <\/div>\n            <\/div>\n\n            \n            <div class=\"es-bottom-info\">\n                \t\t\t<div class=\"es-bottom-icon__list\">\t\t\t\t\t\t<span class=\"es-bottom-icon\">\n                            \t                            <span class=\"es-meta-icon es-meta-icon--area\" style=\"background-image: url(http:\/\/pirenne.com\/wp-content\/plugins\/estatik-pro\/assets\/images\/squirefit_icon.png);\"><\/span>\n                            \t\t\t\t\t\t\t250 m\u00b2                        <\/span>\n\t\t\t\t\t\t\t\t\t\t\t\t\t\t\t<span class=\"es-bottom-icon\">\n                            \t                            <span class=\"es-meta-icon es-meta-icon--bedrooms\" style=\"background-image: url(http:\/\/pirenne.com\/wp-content\/plugins\/estatik-pro\/assets\/images\/bed_icon.png);\"><\/span>\n                            \t\t\t\t\t\t\t5 lits                        <\/span>\n\t\t\t\t\t\t\t\t\t\t\t\t\t\t\t<span class=\"es-bottom-icon\">\n                            \t                            <span class=\"es-meta-icon es-meta-icon--bathrooms\" style=\"background-image: url(http:\/\/pirenne.com\/wp-content\/plugins\/estatik-pro\/assets\/images\/bath_icon.png);\"><\/span>\n                            \t\t\t\t\t\t\t2 bains                        <\/span>\n\t\t\t\t\t\t\t\t\t<\/div>\n\t\t\n                <div class=\"es-details-wrap\">\n                    <div class=\"es-details-flex\">\n                                                <span class=\"es-read-wrap\">\n                            <a href=\"https:\/\/pirenne.com\/property\/maison-mitoyenne\/\" class=\"es-button es-button-orange es-hover-show es-read\">D\u00e9tails<\/a>\n                        <\/span>\n                    <\/div>\n                <\/div>\n            <\/div>\n        <\/div>\n\n    <\/div>\n<\/div>\n                            \n<div id=\"post-1721\" class=\"properties post-1721 type-properties status-publish has-post-thumbnail hentry es_category-vente es_type-maison\">\n    <div class=\"es-property-inner\">\n        <div class=\"es-property-thumbnail\">\n            <div class=\"es-thumbnail\">\n                <a href=\"https:\/\/pirenne.com\/property\/mas\/\">\n                                            <img decoding=\"async\" width=\"536\" height=\"370\" src=\"https:\/\/pirenne.com\/wp-content\/uploads\/2026\/04\/2785_68e5291e588172.73377312-536x370.jpg\" class=\"attachment-es-image-size-archive size-es-image-size-archive\" alt=\"\" \/>                    \n                                            <ul class=\"es-property-label-wrap\">\n                                                                                                                                                                                                                                                                                                    <\/ul>\n                    \t                                        <div class=\"es-thumbnail-bottom\">5<\/div>\n\t                                <\/a>\n            <\/div>\n        <\/div>\n\n        <div class=\"es-property-info\">\n\n            <div class=\"es-row-view\">\n                <h2>\n                    <a href=\"https:\/\/pirenne.com\/property\/mas\/\">Mas<\/a>\n                                    <\/h2>\n            <\/div>\n\n            <div class=\"es-col-view\">\n                <h2>\n                    <a class=\"es-property-link\" href=\"https:\/\/pirenne.com\/property\/mas\/\">Mas<\/a>\n\t                <a href='#' class='js-es-wishlist-button' data-id='1721' data-method='add'><i class='fa fa-heart-o' aria-hidden='true'><\/i><\/a>                <\/h2>\n\t                        <\/div>\n\n\t        \n            <div class=\"es-property-content\">\n                <div class=\"es-property-excerpt\">\n\t\t            <p>Magnifique propri\u00e9t\u00e9 viticole au coeur du Priorat \/ Espagne<br \/>\nEl Molar \/ Catalogne \/ Espagne, El Molar<\/p>\n                <\/div>\n                <div class=\"es-property-wishlist\">\n\t\t            <a href='#' class='js-es-wishlist-button' data-id='1721' data-method='add'><i class='fa fa-heart-o' aria-hidden='true'><\/i><\/a>                <\/div>\n            <\/div>\n\n            \n            <div class=\"es-bottom-info\">\n                \t\t\t<div class=\"es-bottom-icon__list\">\t\t\t\t\t\t<span class=\"es-bottom-icon\">\n                            \t                            <span class=\"es-meta-icon es-meta-icon--area\" style=\"background-image: url(http:\/\/pirenne.com\/wp-content\/plugins\/estatik-pro\/assets\/images\/squirefit_icon.png);\"><\/span>\n                            \t\t\t\t\t\t\t400 m\u00b2                        <\/span>\n\t\t\t\t\t\t\t\t\t\t\t\t\t\t\t<span class=\"es-bottom-icon\">\n                            \t                            <span class=\"es-meta-icon es-meta-icon--bedrooms\" style=\"background-image: url(http:\/\/pirenne.com\/wp-content\/plugins\/estatik-pro\/assets\/images\/bed_icon.png);\"><\/span>\n                            \t\t\t\t\t\t\t12 lits                        <\/span>\n\t\t\t\t\t\t\t\t\t\t\t\t\t\t\t<span class=\"es-bottom-icon\">\n                            \t                            <span class=\"es-meta-icon es-meta-icon--bathrooms\" style=\"background-image: url(http:\/\/pirenne.com\/wp-content\/plugins\/estatik-pro\/assets\/images\/bath_icon.png);\"><\/span>\n                            \t\t\t\t\t\t\t1 de bain                        <\/span>\n\t\t\t\t\t\t\t\t\t<\/div>\n\t\t\n                <div class=\"es-details-wrap\">\n                    <div class=\"es-details-flex\">\n                                                <span class=\"es-read-wrap\">\n                            <a href=\"https:\/\/pirenne.com\/property\/mas\/\" class=\"es-button es-button-orange es-hover-show es-read\">D\u00e9tails<\/a>\n                        <\/span>\n                    <\/div>\n                <\/div>\n            <\/div>\n        <\/div>\n\n    <\/div>\n<\/div>\n                            \n<div id=\"post-1717\" class=\"properties post-1717 type-properties status-publish has-post-thumbnail hentry es_category-vente es_type-appartement\">\n    <div class=\"es-property-inner\">\n        <div class=\"es-property-thumbnail\">\n            <div class=\"es-thumbnail\">\n                <a href=\"https:\/\/pirenne.com\/property\/attique\/\">\n                                            <img loading=\"lazy\" decoding=\"async\" width=\"536\" height=\"370\" src=\"https:\/\/pirenne.com\/wp-content\/uploads\/2026\/04\/2785_69c53536f38768.23879289-536x370.jpg\" class=\"attachment-es-image-size-archive size-es-image-size-archive\" alt=\"\" \/>                    \n                                            <ul class=\"es-property-label-wrap\">\n                                                                                                                                                                                                                                                                                                    <\/ul>\n                    \t                                        <div class=\"es-thumbnail-bottom\">3<\/div>\n\t                                <\/a>\n            <\/div>\n        <\/div>\n\n        <div class=\"es-property-info\">\n\n            <div class=\"es-row-view\">\n                <h2>\n                    <a href=\"https:\/\/pirenne.com\/property\/attique\/\">Attique<\/a>\n                                    <\/h2>\n            <\/div>\n\n            <div class=\"es-col-view\">\n                <h2>\n                    <a class=\"es-property-link\" href=\"https:\/\/pirenne.com\/property\/attique\/\">Attique<\/a>\n\t                <a href='#' class='js-es-wishlist-button' data-id='1717' data-method='add'><i class='fa fa-heart-o' aria-hidden='true'><\/i><\/a>                <\/h2>\n\t                        <\/div>\n\n\t        \n            <div class=\"es-property-content\">\n                <div class=\"es-property-excerpt\">\n\t\t            <p>Bel appartement de 4.5 pi\u00e8ces sur plan \/ \u00ab\u00a0Chalet Spitzhorn\u00a0\u00bb \/ Gsteig<br \/>\nSaalistrasse, Gsteig b. Gstaad<\/p>\n                <\/div>\n                <div class=\"es-property-wishlist\">\n\t\t            <a href='#' class='js-es-wishlist-button' data-id='1717' data-method='add'><i class='fa fa-heart-o' aria-hidden='true'><\/i><\/a>                <\/div>\n            <\/div>\n\n            \n            <div class=\"es-bottom-info\">\n                \t\t\t<div class=\"es-bottom-icon__list\">\t\t\t\t\t\t<span class=\"es-bottom-icon\">\n                            \t                            <span class=\"es-meta-icon es-meta-icon--area\" style=\"background-image: url(http:\/\/pirenne.com\/wp-content\/plugins\/estatik-pro\/assets\/images\/squirefit_icon.png);\"><\/span>\n                            \t\t\t\t\t\t\t93.4 m\u00b2                        <\/span>\n\t\t\t\t\t\t\t\t\t\t\t\t\t\t\t<span class=\"es-bottom-icon\">\n                            \t                            <span class=\"es-meta-icon es-meta-icon--bedrooms\" style=\"background-image: url(http:\/\/pirenne.com\/wp-content\/plugins\/estatik-pro\/assets\/images\/bed_icon.png);\"><\/span>\n                            \t\t\t\t\t\t\t2 lits                        <\/span>\n\t\t\t\t\t\t\t\t\t\t\t\t\t\t\t<span class=\"es-bottom-icon\">\n                            \t                            <span class=\"es-meta-icon es-meta-icon--bathrooms\" style=\"background-image: url(http:\/\/pirenne.com\/wp-content\/plugins\/estatik-pro\/assets\/images\/bath_icon.png);\"><\/span>\n                            \t\t\t\t\t\t\t1 de bain                        <\/span>\n\t\t\t\t\t\t\t\t\t<\/div>\n\t\t\n                <div class=\"es-details-wrap\">\n                    <div class=\"es-details-flex\">\n                                                <span class=\"es-read-wrap\">\n                            <a href=\"https:\/\/pirenne.com\/property\/attique\/\" class=\"es-button es-button-orange es-hover-show es-read\">D\u00e9tails<\/a>\n                        <\/span>\n                    <\/div>\n                <\/div>\n            <\/div>\n        <\/div>\n\n    <\/div>\n<\/div>\n                            \n<div id=\"post-1706\" class=\"properties post-1706 type-properties status-publish has-post-thumbnail hentry es_category-vente es_type-appartement\">\n    <div class=\"es-property-inner\">\n        <div class=\"es-property-thumbnail\">\n            <div class=\"es-thumbnail\">\n                <a href=\"https:\/\/pirenne.com\/property\/appartement-en-terrasse\/\">\n                                            <img loading=\"lazy\" decoding=\"async\" width=\"536\" height=\"370\" src=\"https:\/\/pirenne.com\/wp-content\/uploads\/2026\/04\/2785_69710a8f713c12.81455521-536x370.webp\" class=\"attachment-es-image-size-archive size-es-image-size-archive\" alt=\"\" \/>                    \n                                            <ul class=\"es-property-label-wrap\">\n                                                                                                                                                                                                                                                                                                    <\/ul>\n                    \t                                        <div class=\"es-thumbnail-bottom\">9<\/div>\n\t                                <\/a>\n            <\/div>\n        <\/div>\n\n        <div class=\"es-property-info\">\n\n            <div class=\"es-row-view\">\n                <h2>\n                    <a href=\"https:\/\/pirenne.com\/property\/appartement-en-terrasse\/\">Appartement en terrasse<\/a>\n                                    <\/h2>\n            <\/div>\n\n            <div class=\"es-col-view\">\n                <h2>\n                    <a class=\"es-property-link\" href=\"https:\/\/pirenne.com\/property\/appartement-en-terrasse\/\">Appartement en terrasse<\/a>\n\t                <a href='#' class='js-es-wishlist-button' data-id='1706' data-method='add'><i class='fa fa-heart-o' aria-hidden='true'><\/i><\/a>                <\/h2>\n\t                        <\/div>\n\n\t        \n            <div class=\"es-property-content\">\n                <div class=\"es-property-excerpt\">\n\t\t            <p>Charmant appartement de 4.5 pi\u00e8ces au centre de Chateau-d&rsquo;Oex<br \/>\n5 chemin de l&rsquo;Ancien Comt\u00e9 \/ 1660 Ch\u00e2teau-d&rsquo;Oex, Ch\u00e2teau-d&rsquo;Oex<\/p>\n                <\/div>\n                <div class=\"es-property-wishlist\">\n\t\t            <a href='#' class='js-es-wishlist-button' data-id='1706' data-method='add'><i class='fa fa-heart-o' aria-hidden='true'><\/i><\/a>                <\/div>\n            <\/div>\n\n            \n            <div class=\"es-bottom-info\">\n                \t\t\t<div class=\"es-bottom-icon__list\">\t\t\t\t\t\t<span class=\"es-bottom-icon\">\n                            \t                            <span class=\"es-meta-icon es-meta-icon--area\" style=\"background-image: url(http:\/\/pirenne.com\/wp-content\/plugins\/estatik-pro\/assets\/images\/squirefit_icon.png);\"><\/span>\n                            \t\t\t\t\t\t\t95 m\u00b2                        <\/span>\n\t\t\t\t\t\t\t\t\t\t\t\t\t\t\t<span class=\"es-bottom-icon\">\n                            \t                            <span class=\"es-meta-icon es-meta-icon--bedrooms\" style=\"background-image: url(http:\/\/pirenne.com\/wp-content\/plugins\/estatik-pro\/assets\/images\/bed_icon.png);\"><\/span>\n                            \t\t\t\t\t\t\t3 lits                        <\/span>\n\t\t\t\t\t\t\t\t\t\t\t\t\t\t\t<span class=\"es-bottom-icon\">\n                            \t                            <span class=\"es-meta-icon es-meta-icon--bathrooms\" style=\"background-image: url(http:\/\/pirenne.com\/wp-content\/plugins\/estatik-pro\/assets\/images\/bath_icon.png);\"><\/span>\n                            \t\t\t\t\t\t\t1 de bain                        <\/span>\n\t\t\t\t\t\t\t\t\t<\/div>\n\t\t\n                <div class=\"es-details-wrap\">\n                    <div class=\"es-details-flex\">\n                                                <span class=\"es-read-wrap\">\n                            <a href=\"https:\/\/pirenne.com\/property\/appartement-en-terrasse\/\" class=\"es-button es-button-orange es-hover-show es-read\">D\u00e9tails<\/a>\n                        <\/span>\n                    <\/div>\n                <\/div>\n            <\/div>\n        <\/div>\n\n    <\/div>\n<\/div>\n                    <\/div>\n\n            <\/div>\n    <div class=\"es-powered\">\n\t<p>\n\t\tPropuls\u00e9 par <a href=\"https:\/\/estatik.net\" target=\"_blank\"> Estatik <\/a>\t<\/p>\n<\/div>\n        \t\t\t\t<\/div>\n\t\t\t\t<\/div>\n\t\t\t\t\t<\/div>\n\t\t<\/div>\n\t\t\t\t\t<\/div>\n\t\t<\/section>\n\t\t\t\t<section class=\"elementor-section elementor-top-section elementor-element elementor-element-5c3af344 elementor-section-height-min-height elementor-section-content-middle elementor-section-stretched elementor-section-boxed elementor-section-height-default elementor-section-items-middle wpr-particle-no wpr-jarallax-no wpr-parallax-no wpr-sticky-section-no jltma-glass-effect-no wpr-equal-height-no\" data-id=\"5c3af344\" data-element_type=\"section\" data-e-type=\"section\" data-settings=\"{&quot;stretch_section&quot;:&quot;section-stretched&quot;,&quot;background_background&quot;:&quot;classic&quot;,&quot;_ha_eqh_enable&quot;:false}\">\n\t\t\t\t\t\t\t<div class=\"elementor-background-overlay\"><\/div>\n\t\t\t\t\t\t\t<div class=\"elementor-container elementor-column-gap-default\">\n\t\t\t\t\t<div class=\"elementor-column elementor-col-100 elementor-top-column elementor-element elementor-element-410302eb jltma-glass-effect-no\" data-id=\"410302eb\" data-element_type=\"column\" data-e-type=\"column\">\n\t\t\t<div class=\"elementor-widget-wrap elementor-element-populated\">\n\t\t\t\t\t\t<section class=\"elementor-section elementor-inner-section elementor-element elementor-element-27bc941d elementor-section-boxed elementor-section-height-default elementor-section-height-default wpr-particle-no wpr-jarallax-no wpr-parallax-no wpr-sticky-section-no jltma-glass-effect-no wpr-equal-height-no\" data-id=\"27bc941d\" data-element_type=\"section\" data-e-type=\"section\" data-settings=\"{&quot;_ha_eqh_enable&quot;:false}\">\n\t\t\t\t\t\t<div class=\"elementor-container elementor-column-gap-default\">\n\t\t\t\t\t<div class=\"elementor-column elementor-col-100 elementor-inner-column elementor-element elementor-element-41874062 jltma-glass-effect-no\" data-id=\"41874062\" data-element_type=\"column\" data-e-type=\"column\">\n\t\t\t<div class=\"elementor-widget-wrap elementor-element-populated\">\n\t\t\t\t\t\t<div class=\"elementor-element elementor-element-2f13581f jltma-glass-effect-no elementor-invisible elementor-widget elementor-widget-heading\" data-id=\"2f13581f\" data-element_type=\"widget\" data-e-type=\"widget\" data-settings=\"{&quot;_animation&quot;:&quot;zoomIn&quot;}\" data-widget_type=\"heading.default\">\n\t\t\t\t<div class=\"elementor-widget-container\">\n\t\t\t\t\t<h2 class=\"elementor-heading-title elementor-size-default\">Une strat\u00e9gie de vente personnalis\u00e9e<\/h2>\t\t\t\t<\/div>\n\t\t\t\t<\/div>\n\t\t\t\t<div class=\"elementor-element elementor-element-2853b4e2 jltma-glass-effect-no elementor-widget elementor-widget-text-editor\" data-id=\"2853b4e2\" data-element_type=\"widget\" data-e-type=\"widget\" data-widget_type=\"text-editor.default\">\n\t\t\t\t<div class=\"elementor-widget-container\">\n\t\t\t\t\t\t\t\t\t<p>Chaque bien immobilier poss\u00e8de ses sp\u00e9cificit\u00e9s. C\u2019est pourquoi je d\u00e9veloppe une approche sur mesure pour vendre un appartement \u00e0 Gen\u00e8ve, en tenant compte de nombreux crit\u00e8res : emplacement, typologie (duplex, attique, appartement familial), \u00e9tat du bien, potentiel de valorisation et profil des acheteurs.<\/p>\t\t\t\t\t\t\t\t<\/div>\n\t\t\t\t<\/div>\n\t\t\t\t<div class=\"elementor-element elementor-element-caf3e37 jltma-glass-effect-no elementor-widget elementor-widget-text-editor\" data-id=\"caf3e37\" data-element_type=\"widget\" data-e-type=\"widget\" data-widget_type=\"text-editor.default\">\n\t\t\t\t<div class=\"elementor-widget-container\">\n\t\t\t\t\t\t\t\t\t<p><span style=\"font-size: inherit;\">Mon accompagnement inclut :<\/span><\/p>\t\t\t\t\t\t\t\t<\/div>\n\t\t\t\t<\/div>\n\t\t\t\t<div class=\"elementor-element elementor-element-befe6aa elementor-align-center elementor-icon-list--layout-traditional elementor-list-item-link-full_width jltma-glass-effect-no elementor-widget elementor-widget-icon-list\" data-id=\"befe6aa\" data-element_type=\"widget\" data-e-type=\"widget\" data-widget_type=\"icon-list.default\">\n\t\t\t\t<div class=\"elementor-widget-container\">\n\t\t\t\t\t\t\t<ul class=\"elementor-icon-list-items\">\n\t\t\t\t\t\t\t<li class=\"elementor-icon-list-item\">\n\t\t\t\t\t\t\t\t\t\t\t<span class=\"elementor-icon-list-icon\">\n\t\t\t\t\t\t\t<i aria-hidden=\"true\" class=\"huge huge-arrow-up-right-01-round\"><\/i>\t\t\t\t\t\t<\/span>\n\t\t\t\t\t\t\t\t\t\t<span class=\"elementor-icon-list-text\">D\u00e9finition d\u2019une strat\u00e9gie de commercialisation adapt\u00e9e<\/span>\n\t\t\t\t\t\t\t\t\t<\/li>\n\t\t\t\t\t\t\t\t<li class=\"elementor-icon-list-item\">\n\t\t\t\t\t\t\t\t\t\t\t<span class=\"elementor-icon-list-icon\">\n\t\t\t\t\t\t\t<i aria-hidden=\"true\" class=\"huge huge-arrow-up-right-01-round\"><\/i>\t\t\t\t\t\t<\/span>\n\t\t\t\t\t\t\t\t\t\t<span class=\"elementor-icon-list-text\">S\u00e9lection des canaux de diffusion les plus pertinents<\/span>\n\t\t\t\t\t\t\t\t\t<\/li>\n\t\t\t\t\t\t\t\t<li class=\"elementor-icon-list-item\">\n\t\t\t\t\t\t\t\t\t\t\t<span class=\"elementor-icon-list-icon\">\n\t\t\t\t\t\t\t<i aria-hidden=\"true\" class=\"huge huge-arrow-up-right-01-round\"><\/i>\t\t\t\t\t\t<\/span>\n\t\t\t\t\t\t\t\t\t\t<span class=\"elementor-icon-list-text\">Qualification des acqu\u00e9reurs potentiels<\/span>\n\t\t\t\t\t\t\t\t\t<\/li>\n\t\t\t\t\t\t\t\t<li class=\"elementor-icon-list-item\">\n\t\t\t\t\t\t\t\t\t\t\t<span class=\"elementor-icon-list-icon\">\n\t\t\t\t\t\t\t<i aria-hidden=\"true\" class=\"huge huge-arrow-up-right-01-round\"><\/i>\t\t\t\t\t\t<\/span>\n\t\t\t\t\t\t\t\t\t\t<span class=\"elementor-icon-list-text\">Organisation et gestion des visites<\/span>\n\t\t\t\t\t\t\t\t\t<\/li>\n\t\t\t\t\t\t\t\t<li class=\"elementor-icon-list-item\">\n\t\t\t\t\t\t\t\t\t\t\t<span class=\"elementor-icon-list-icon\">\n\t\t\t\t\t\t\t<i aria-hidden=\"true\" class=\"huge huge-arrow-up-right-01-round\"><\/i>\t\t\t\t\t\t<\/span>\n\t\t\t\t\t\t\t\t\t\t<span class=\"elementor-icon-list-text\">N\u00e9gociation optimale.<\/span>\n\t\t\t\t\t\t\t\t\t<\/li>\n\t\t\t\t\t\t<\/ul>\n\t\t\t\t\t\t<\/div>\n\t\t\t\t<\/div>\n\t\t\t\t<div class=\"elementor-element elementor-element-d006abf jltma-glass-effect-no elementor-widget elementor-widget-text-editor\" data-id=\"d006abf\" data-element_type=\"widget\" data-e-type=\"widget\" data-widget_type=\"text-editor.default\">\n\t\t\t\t<div class=\"elementor-widget-container\">\n\t\t\t\t\t\t\t\t\t<p><span style=\"font-size: inherit;\">L\u2019objectif est clair : vendre un appartement \u00e0 Gen\u00e8ve dans les meilleurs d\u00e9lais, tout en maximisant votre prix de vente.<\/span><\/p><p>Je privil\u00e9gie une communication fluide et transparente, afin que vous soyez inform\u00e9 en permanence de l\u2019\u00e9volution de votre projet. Cette proximit\u00e9 permet d\u2019ajuster la strat\u00e9gie si n\u00e9cessaire et d\u2019assurer une efficacit\u00e9 optimale.<\/p>\t\t\t\t\t\t\t\t<\/div>\n\t\t\t\t<\/div>\n\t\t\t\t\t<\/div>\n\t\t<\/div>\n\t\t\t\t\t<\/div>\n\t\t<\/section>\n\t\t\t\t\t<\/div>\n\t\t<\/div>\n\t\t\t\t\t<\/div>\n\t\t<\/section>\n\t\t\t\t<section class=\"elementor-section elementor-top-section elementor-element elementor-element-5736289 elementor-section-content-middle elementor-section-stretched elementor-section-boxed elementor-section-height-default elementor-section-height-default wpr-particle-no wpr-jarallax-no wpr-parallax-no wpr-sticky-section-no jltma-glass-effect-no wpr-equal-height-no\" data-id=\"5736289\" data-element_type=\"section\" data-e-type=\"section\" data-settings=\"{&quot;stretch_section&quot;:&quot;section-stretched&quot;,&quot;_ha_eqh_enable&quot;:false}\">\n\t\t\t\t\t\t<div class=\"elementor-container elementor-column-gap-default\">\n\t\t\t\t\t<div class=\"elementor-column elementor-col-50 elementor-top-column elementor-element elementor-element-415dbffd jltma-glass-effect-no\" data-id=\"415dbffd\" data-element_type=\"column\" data-e-type=\"column\">\n\t\t\t<div class=\"elementor-widget-wrap elementor-element-populated\">\n\t\t\t\t\t\t<div class=\"elementor-element elementor-element-3ad035eb jltma-glass-effect-no elementor-widget elementor-widget-ucaddon_image_reveal_on_scroll\" data-id=\"3ad035eb\" data-element_type=\"widget\" data-e-type=\"widget\" data-widget_type=\"ucaddon_image_reveal_on_scroll.default\">\n\t\t\t\t<div class=\"elementor-widget-container\">\n\t\t\t\t\t\n<!-- start Scroll Image Reveal -->\n\n<style>\/* widget: Scroll Image Reveal *\/\n\n    #uc_image_reveal_on_scroll_elementor_3ad035eb .uc_overlay{\n      right: 0;\n\t} \n\t\n\n\n\n\n#uc_image_reveal_on_scroll_elementor_3ad035eb .uc_reveal{\n\ttransition: ease-in-out all 2s;\n    transition-delay: 250ms;\n}\n\n#uc_image_reveal_on_scroll_elementor_3ad035eb img\n{\n  display:block;\n}\n\n<\/style>\n\n<div class=\"uc_image_reveal\" id=\"uc_image_reveal_on_scroll_elementor_3ad035eb\">\n  <div class=\"uc_image_reveal_box\">\n              \n\t  <img loading=\"lazy\" decoding=\"async\" src=\"https:\/\/pirenne.com\/wp-content\/uploads\/2026\/04\/2785_69710a8f53b508.46618881.jpg\" class=\"ue-img\" width=\"100%\"  src=\"https:\/\/pirenne.com\/wp-content\/uploads\/2026\/04\/2785_69710a8f53b508.46618881.jpg\" alt=\"2785_69710a8f53b508\" width=\"1952\" height=\"1464\">\n          \n          \n\t<div class=\"uc_overlay iv-jello\" aria-hidden=\"true\"><\/div>\n        \n  <\/div>\n<\/div>\n<!-- end Scroll Image Reveal -->\t\t\t\t<\/div>\n\t\t\t\t<\/div>\n\t\t\t\t\t<\/div>\n\t\t<\/div>\n\t\t\t\t<div class=\"elementor-column elementor-col-50 elementor-top-column elementor-element elementor-element-5a2b91ab jltma-glass-effect-no\" data-id=\"5a2b91ab\" data-element_type=\"column\" data-e-type=\"column\">\n\t\t\t<div class=\"elementor-widget-wrap elementor-element-populated\">\n\t\t\t\t\t\t<div class=\"elementor-element elementor-element-3ca6ffe9 jltma-glass-effect-no elementor-widget elementor-widget-heading\" data-id=\"3ca6ffe9\" data-element_type=\"widget\" data-e-type=\"widget\" data-widget_type=\"heading.default\">\n\t\t\t\t<div class=\"elementor-widget-container\">\n\t\t\t\t\t<h2 class=\"elementor-heading-title elementor-size-default\">Mise en valeur : photo, vid\u00e9o et marketing immobilier<\/h2>\t\t\t\t<\/div>\n\t\t\t\t<\/div>\n\t\t\t\t<div class=\"elementor-element elementor-element-6328eb85 jltma-glass-effect-no elementor-widget elementor-widget-text-editor\" data-id=\"6328eb85\" data-element_type=\"widget\" data-e-type=\"widget\" data-widget_type=\"text-editor.default\">\n\t\t\t\t<div class=\"elementor-widget-container\">\n\t\t\t\t\t\t\t\t\t<p>Aujourd\u2019hui, la premi\u00e8re impression se fait en ligne. Pour vendre un appartement \u00e0 Gen\u00e8ve, la mise en valeur du bien est devenue un levier essentiel. C\u2019est ici que mon expertise en photographie immobili\u00e8re apporte une r\u00e9elle plus-value.<br \/>Je r\u00e9alise des visuels professionnels qui mettent en avant les volumes, la luminosit\u00e9 et les atouts du bien. La cr\u00e9ation de contenus vid\u00e9o et de reels immobiliers permet \u00e9galement de renforcer l\u2019impact et d\u2019\u00e9largir la visibilit\u00e9.<\/p><p>Une strat\u00e9gie de marketing digital compl\u00e8te est mise en place :<\/p><ul><li>Photographie immobili\u00e8re professionnelle<\/li><li>Vid\u00e9o immersive<\/li><li>Diffusion sur plateformes sp\u00e9cialis\u00e9es<\/li><li>Promotion sur les r\u00e9seaux sociaux<\/li><li>Ciblage d\u2019acheteurs qualifi\u00e9s.<\/li><\/ul><p>Cette approche permet de g\u00e9n\u00e9rer davantage de demandes et d\u2019augmenter les chances de vendre un appartement \u00e0 Gen\u00e8ve rapidement et efficacement.<\/p>\t\t\t\t\t\t\t\t<\/div>\n\t\t\t\t<\/div>\n\t\t\t\t\t<\/div>\n\t\t<\/div>\n\t\t\t\t\t<\/div>\n\t\t<\/section>\n\t\t\t\t<section class=\"elementor-section elementor-top-section elementor-element elementor-element-748dc18a elementor-section-content-middle elementor-section-stretched elementor-reverse-tablet elementor-reverse-mobile elementor-section-boxed elementor-section-height-default elementor-section-height-default wpr-particle-no wpr-jarallax-no wpr-parallax-no wpr-sticky-section-no jltma-glass-effect-no wpr-equal-height-no\" data-id=\"748dc18a\" data-element_type=\"section\" data-e-type=\"section\" data-settings=\"{&quot;stretch_section&quot;:&quot;section-stretched&quot;,&quot;_ha_eqh_enable&quot;:false}\">\n\t\t\t\t\t\t<div class=\"elementor-container elementor-column-gap-default\">\n\t\t\t\t\t<div class=\"elementor-column elementor-col-50 elementor-top-column elementor-element elementor-element-241279a3 jltma-glass-effect-no\" data-id=\"241279a3\" data-element_type=\"column\" data-e-type=\"column\">\n\t\t\t<div class=\"elementor-widget-wrap elementor-element-populated\">\n\t\t\t\t\t\t<div class=\"elementor-element elementor-element-ecb8a9b jltma-glass-effect-no elementor-widget elementor-widget-heading\" data-id=\"ecb8a9b\" data-element_type=\"widget\" data-e-type=\"widget\" data-widget_type=\"heading.default\">\n\t\t\t\t<div class=\"elementor-widget-container\">\n\t\t\t\t\t<h2 class=\"elementor-heading-title elementor-size-default\">Vente immobili\u00e8re \u00e0 Gen\u00e8ve et sur la Rive Gauche<\/h2>\t\t\t\t<\/div>\n\t\t\t\t<\/div>\n\t\t\t\t<div class=\"elementor-element elementor-element-742b4c11 jltma-glass-effect-no elementor-widget elementor-widget-text-editor\" data-id=\"742b4c11\" data-element_type=\"widget\" data-e-type=\"widget\" data-widget_type=\"text-editor.default\">\n\t\t\t\t<div class=\"elementor-widget-container\">\n\t\t\t\t\t\t\t\t\t<p>La Rive Gauche du canton de Gen\u00e8ve est un secteur particuli\u00e8rement recherch\u00e9, o\u00f9 la demande reste soutenue. Pour vendre un appartement \u00e0 Gen\u00e8ve dans ces zones, il est indispensable de ma\u00eetriser les sp\u00e9cificit\u00e9s locales.<\/p><p>Les communes comme Collonge-Bellerive, Ch\u00eane-Bougeries et Ani\u00e8res attirent une client\u00e8le exigeante, en qu\u00eate de qualit\u00e9 de vie et de biens bien situ\u00e9s. Dans ce contexte, vendre un appartement \u00e0 Gen\u00e8ve pr\u00e8s de Collonge-Bellerive, Ch\u00eane-Bougeries, Ani\u00e8res n\u00e9cessite une strat\u00e9gie pr\u00e9cise et un positionnement adapt\u00e9.<br \/>Mon expertise locale me permet d\u2019identifier les attentes des acheteurs et de valoriser votre bien en fonction de son environnement. Que votre appartement soit situ\u00e9 en centre-ville ou dans un secteur r\u00e9sidentiel, je mets en place une strat\u00e9gie cibl\u00e9e pour vendre un appartement \u00e0 Gen\u00e8ve dans les meilleures conditions.<\/p>\t\t\t\t\t\t\t\t<\/div>\n\t\t\t\t<\/div>\n\t\t\t\t\t<\/div>\n\t\t<\/div>\n\t\t\t\t<div class=\"elementor-column elementor-col-50 elementor-top-column elementor-element elementor-element-67e20c6d jltma-glass-effect-no\" data-id=\"67e20c6d\" data-element_type=\"column\" data-e-type=\"column\">\n\t\t\t<div class=\"elementor-widget-wrap elementor-element-populated\">\n\t\t\t\t\t\t<div class=\"elementor-element elementor-element-65cad6b7 jltma-glass-effect-no elementor-widget elementor-widget-ucaddon_image_reveal_on_scroll\" data-id=\"65cad6b7\" data-element_type=\"widget\" data-e-type=\"widget\" data-widget_type=\"ucaddon_image_reveal_on_scroll.default\">\n\t\t\t\t<div class=\"elementor-widget-container\">\n\t\t\t\t\t\n<!-- start Scroll Image Reveal -->\n\n<style>\/* widget: Scroll Image Reveal *\/\n\n    #uc_image_reveal_on_scroll_elementor_65cad6b7 .uc_overlay{\n      right: 0;\n\t} \n\t\n\n\n\n\n#uc_image_reveal_on_scroll_elementor_65cad6b7 .uc_reveal{\n\ttransition: ease-in-out all 2s;\n    transition-delay: 250ms;\n}\n\n#uc_image_reveal_on_scroll_elementor_65cad6b7 img\n{\n  display:block;\n}\n\n<\/style>\n\n<div class=\"uc_image_reveal\" id=\"uc_image_reveal_on_scroll_elementor_65cad6b7\">\n  <div class=\"uc_image_reveal_box\">\n              \n\t  <img loading=\"lazy\" decoding=\"async\" src=\"https:\/\/pirenne.com\/wp-content\/uploads\/2026\/04\/2785_69710a8fd9ddf2.47802122.jpg\" class=\"ue-img\" width=\"100%\"  src=\"https:\/\/pirenne.com\/wp-content\/uploads\/2026\/04\/2785_69710a8fd9ddf2.47802122.jpg\" alt=\"2785_69710a8fd9ddf2\" width=\"2560\" height=\"1920\">\n          \n          \n\t<div class=\"uc_overlay iv-jello\" aria-hidden=\"true\"><\/div>\n        \n  <\/div>\n<\/div>\n<!-- end Scroll Image Reveal -->\t\t\t\t<\/div>\n\t\t\t\t<\/div>\n\t\t\t\t\t<\/div>\n\t\t<\/div>\n\t\t\t\t\t<\/div>\n\t\t<\/section>\n\t\t\t\t<section class=\"elementor-section elementor-top-section elementor-element elementor-element-3c64468 elementor-section-content-middle elementor-section-stretched elementor-section-boxed elementor-section-height-default elementor-section-height-default wpr-particle-no wpr-jarallax-no wpr-parallax-no wpr-sticky-section-no jltma-glass-effect-no wpr-equal-height-no\" data-id=\"3c64468\" data-element_type=\"section\" data-e-type=\"section\" data-settings=\"{&quot;stretch_section&quot;:&quot;section-stretched&quot;,&quot;_ha_eqh_enable&quot;:false}\">\n\t\t\t\t\t\t<div class=\"elementor-container elementor-column-gap-default\">\n\t\t\t\t\t<div class=\"elementor-column elementor-col-50 elementor-top-column elementor-element elementor-element-4f1290c9 jltma-glass-effect-no\" data-id=\"4f1290c9\" data-element_type=\"column\" data-e-type=\"column\">\n\t\t\t<div class=\"elementor-widget-wrap elementor-element-populated\">\n\t\t\t\t\t\t<div class=\"elementor-element elementor-element-2ce41ddb jltma-glass-effect-no elementor-widget elementor-widget-ucaddon_image_reveal_on_scroll\" data-id=\"2ce41ddb\" data-element_type=\"widget\" data-e-type=\"widget\" data-widget_type=\"ucaddon_image_reveal_on_scroll.default\">\n\t\t\t\t<div class=\"elementor-widget-container\">\n\t\t\t\t\t\n<!-- start Scroll Image Reveal -->\n\n<style>\/* widget: Scroll Image Reveal *\/\n\n    #uc_image_reveal_on_scroll_elementor_2ce41ddb .uc_overlay{\n      right: 0;\n\t} \n\t\n\n\n\n\n#uc_image_reveal_on_scroll_elementor_2ce41ddb .uc_reveal{\n\ttransition: ease-in-out all 2s;\n    transition-delay: 250ms;\n}\n\n#uc_image_reveal_on_scroll_elementor_2ce41ddb img\n{\n  display:block;\n}\n\n<\/style>\n\n<div class=\"uc_image_reveal\" id=\"uc_image_reveal_on_scroll_elementor_2ce41ddb\">\n  <div class=\"uc_image_reveal_box\">\n              \n\t  <img loading=\"lazy\" decoding=\"async\" src=\"https:\/\/pirenne.com\/wp-content\/uploads\/2026\/04\/image10.jpg\" class=\"ue-img\" width=\"100%\"  src=\"https:\/\/pirenne.com\/wp-content\/uploads\/2026\/04\/image10.jpg\" alt=\"image10\" width=\"700\" height=\"500\">\n          \n          \n\t<div class=\"uc_overlay iv-jello\" aria-hidden=\"true\"><\/div>\n        \n  <\/div>\n<\/div>\n<!-- end Scroll Image Reveal -->\t\t\t\t<\/div>\n\t\t\t\t<\/div>\n\t\t\t\t\t<\/div>\n\t\t<\/div>\n\t\t\t\t<div class=\"elementor-column elementor-col-50 elementor-top-column elementor-element elementor-element-2c0cbdc5 jltma-glass-effect-no\" data-id=\"2c0cbdc5\" data-element_type=\"column\" data-e-type=\"column\">\n\t\t\t<div class=\"elementor-widget-wrap elementor-element-populated\">\n\t\t\t\t\t\t<div class=\"elementor-element elementor-element-16865f10 jltma-glass-effect-no elementor-widget elementor-widget-heading\" data-id=\"16865f10\" data-element_type=\"widget\" data-e-type=\"widget\" data-widget_type=\"heading.default\">\n\t\t\t\t<div class=\"elementor-widget-container\">\n\t\t\t\t\t<h2 class=\"elementor-heading-title elementor-size-default\">Accompagnement jusqu\u2019\u00e0 la signature<\/h2>\t\t\t\t<\/div>\n\t\t\t\t<\/div>\n\t\t\t\t<div class=\"elementor-element elementor-element-7be372da jltma-glass-effect-no elementor-widget elementor-widget-text-editor\" data-id=\"7be372da\" data-element_type=\"widget\" data-e-type=\"widget\" data-widget_type=\"text-editor.default\">\n\t\t\t\t<div class=\"elementor-widget-container\">\n\t\t\t\t\t\t\t\t\t<p>Vendre un bien immobilier ne s\u2019arr\u00eate pas \u00e0 la signature d\u2019un compromis. Pour vendre un appartement \u00e0 Gen\u00e8ve en toute s\u00e9r\u00e9nit\u00e9, je vous accompagne jusqu\u2019\u00e0 la finalisation de la vente chez le notaire.<\/p><p>Mon r\u00f4le inclut :<\/p><ul><li>Suivi administratif et juridique<\/li><li>Coordination avec les diff\u00e9rents intervenants<\/li><li>Accompagnement des acheteurs et vendeurs<\/li><li>S\u00e9curisation de chaque \u00e9tape.<\/li><\/ul><p>Cette prise en charge globale vous permet de vous concentrer sur votre projet, tout en ayant l\u2019assurance que chaque d\u00e9tail est ma\u00eetris\u00e9.<\/p>\t\t\t\t\t\t\t\t<\/div>\n\t\t\t\t<\/div>\n\t\t\t\t\t<\/div>\n\t\t<\/div>\n\t\t\t\t\t<\/div>\n\t\t<\/section>\n\t\t\t\t<section class=\"elementor-section elementor-top-section elementor-element elementor-element-7cb8d98 elementor-section-content-middle elementor-section-stretched elementor-reverse-tablet elementor-reverse-mobile elementor-section-boxed elementor-section-height-default elementor-section-height-default wpr-particle-no wpr-jarallax-no wpr-parallax-no wpr-sticky-section-no jltma-glass-effect-no wpr-equal-height-no\" data-id=\"7cb8d98\" data-element_type=\"section\" data-e-type=\"section\" data-settings=\"{&quot;stretch_section&quot;:&quot;section-stretched&quot;,&quot;background_background&quot;:&quot;classic&quot;,&quot;_ha_eqh_enable&quot;:false}\">\n\t\t\t\t\t\t<div class=\"elementor-container elementor-column-gap-default\">\n\t\t\t\t\t<div class=\"elementor-column elementor-col-50 elementor-top-column elementor-element elementor-element-359a9c40 jltma-glass-effect-no\" data-id=\"359a9c40\" data-element_type=\"column\" data-e-type=\"column\">\n\t\t\t<div class=\"elementor-widget-wrap elementor-element-populated\">\n\t\t\t\t\t\t<div class=\"elementor-element elementor-element-5502a12d jltma-glass-effect-no elementor-invisible elementor-widget elementor-widget-heading\" data-id=\"5502a12d\" data-element_type=\"widget\" data-e-type=\"widget\" data-settings=\"{&quot;_animation&quot;:&quot;fadeInDown&quot;}\" data-widget_type=\"heading.default\">\n\t\t\t\t<div class=\"elementor-widget-container\">\n\t\t\t\t\t<h2 class=\"elementor-heading-title elementor-size-default\">Contactez votre courtier immobilier \u00e0 Gen\u00e8ve<\/h2>\t\t\t\t<\/div>\n\t\t\t\t<\/div>\n\t\t\t\t<div class=\"elementor-element elementor-element-478999a0 elementor-widget-divider--view-line jltma-glass-effect-no elementor-widget elementor-widget-divider\" data-id=\"478999a0\" data-element_type=\"widget\" data-e-type=\"widget\" data-widget_type=\"divider.default\">\n\t\t\t\t<div class=\"elementor-widget-container\">\n\t\t\t\t\t\t\t<div class=\"elementor-divider\">\n\t\t\t<span class=\"elementor-divider-separator\">\n\t\t\t\t\t\t<\/span>\n\t\t<\/div>\n\t\t\t\t\t\t<\/div>\n\t\t\t\t<\/div>\n\t\t\t\t<div class=\"elementor-element elementor-element-6b8bfee4 jltma-glass-effect-no elementor-widget elementor-widget-text-editor\" data-id=\"6b8bfee4\" data-element_type=\"widget\" data-e-type=\"widget\" data-widget_type=\"text-editor.default\">\n\t\t\t\t<div class=\"elementor-widget-container\">\n\t\t\t\t\t\t\t\t\t<p>Vous souhaitez vendre votre appartement ? Contactez-moi au <strong><a href=\"tel:041792534778\">+41 79 253 47 78<\/a><\/strong>.<\/p>\t\t\t\t\t\t\t\t<\/div>\n\t\t\t\t<\/div>\n\t\t\t\t\t<\/div>\n\t\t<\/div>\n\t\t\t\t<div class=\"elementor-column elementor-col-50 elementor-top-column elementor-element elementor-element-184c5bf9 jltma-glass-effect-no\" data-id=\"184c5bf9\" data-element_type=\"column\" data-e-type=\"column\">\n\t\t\t<div class=\"elementor-widget-wrap elementor-element-populated\">\n\t\t\t\t\t\t<div class=\"elementor-element elementor-element-ca73da1 elementor-view-default jltma-glass-effect-no elementor-widget elementor-widget-icon\" data-id=\"ca73da1\" data-element_type=\"widget\" data-e-type=\"widget\" data-settings=\"{&quot;ha_floating_fx&quot;:&quot;yes&quot;,&quot;ha_floating_fx_translate_toggle&quot;:&quot;yes&quot;,&quot;ha_floating_fx_translate_x&quot;:{&quot;unit&quot;:&quot;px&quot;,&quot;size&quot;:&quot;&quot;,&quot;sizes&quot;:{&quot;from&quot;:0,&quot;to&quot;:25}},&quot;ha_floating_fx_translate_y&quot;:{&quot;unit&quot;:&quot;px&quot;,&quot;size&quot;:&quot;&quot;,&quot;sizes&quot;:{&quot;from&quot;:0,&quot;to&quot;:5}},&quot;ha_floating_fx_translate_duration&quot;:{&quot;unit&quot;:&quot;px&quot;,&quot;size&quot;:1000,&quot;sizes&quot;:[]},&quot;ha_floating_fx_translate_delay&quot;:{&quot;unit&quot;:&quot;px&quot;,&quot;size&quot;:&quot;&quot;,&quot;sizes&quot;:[]}}\" data-widget_type=\"icon.default\">\n\t\t\t\t<div class=\"elementor-widget-container\">\n\t\t\t\t\t\t\t<div class=\"elementor-icon-wrapper\">\n\t\t\t<div class=\"elementor-icon\">\n\t\t\t<i aria-hidden=\"true\" class=\"simple-line-icons icon-envelope-letter\"><\/i>\t\t\t<\/div>\n\t\t<\/div>\n\t\t\t\t\t\t<\/div>\n\t\t\t\t<\/div>\n\t\t\t\t\t<\/div>\n\t\t<\/div>\n\t\t\t\t\t<\/div>\n\t\t<\/section>\n\t\t\t\t<\/div>\n\t\t","protected":false},"excerpt":{"rendered":"<p>Vendre un appartement \u00e0 Gen\u00e8ve \u2013 Strat\u00e9gie de vente sur mesure Vendre un bien immobilier est une \u00e9tape importante qui n\u00e9cessite une approche strat\u00e9gique, rigoureuse et adapt\u00e9e au march\u00e9 local. Chez FP Immobilier, je vous accompagne pour vendre un appartement \u00e0 Gen\u00e8ve dans les meilleures conditions, en alliant expertise, visibilit\u00e9<\/p>\n","protected":false},"author":26,"featured_media":0,"parent":0,"menu_order":0,"comment_status":"closed","ping_status":"closed","template":"","meta":{"_acf_changed":false,"footnotes":""},"class_list":["post-1633","page","type-page","status-publish","hentry"],"acf":[],"aioseo_notices":[],"_links":{"self":[{"href":"https:\/\/pirenne.com\/nov-apijson\/wp\/v2\/pages\/1633","targetHints":{"allow":["GET"]}}],"collection":[{"href":"https:\/\/pirenne.com\/nov-apijson\/wp\/v2\/pages"}],"about":[{"href":"https:\/\/pirenne.com\/nov-apijson\/wp\/v2\/types\/page"}],"author":[{"embeddable":true,"href":"https:\/\/pirenne.com\/nov-apijson\/wp\/v2\/users\/26"}],"replies":[{"embeddable":true,"href":"https:\/\/pirenne.com\/nov-apijson\/wp\/v2\/comments?post=1633"}],"version-history":[{"count":44,"href":"https:\/\/pirenne.com\/nov-apijson\/wp\/v2\/pages\/1633\/revisions"}],"predecessor-version":[{"id":2199,"href":"https:\/\/pirenne.com\/nov-apijson\/wp\/v2\/pages\/1633\/revisions\/2199"}],"wp:attachment":[{"href":"https:\/\/pirenne.com\/nov-apijson\/wp\/v2\/media?parent=1633"}],"curies":[{"name":"wp","href":"https:\/\/api.w.org\/{rel}","templated":true}]}}