{"id":2235,"date":"2026-04-30T10:50:41","date_gmt":"2026-04-30T08:50:41","guid":{"rendered":"https:\/\/pirenne.com\/?page_id=2235"},"modified":"2026-04-30T13:33:47","modified_gmt":"2026-04-30T11:33:47","slug":"suisse-geneve-et-vaud","status":"publish","type":"page","link":"https:\/\/pirenne.com\/vendre-appartement-geneve\/suisse-geneve-et-vaud\/","title":{"rendered":"Suisse (Gen\u00e8ve et Vaud)"},"content":{"rendered":"\t\t<div data-elementor-type=\"wp-page\" data-elementor-id=\"2235\" class=\"elementor elementor-2235\" data-elementor-settings=\"{&quot;ha_cmc_init_switcher&quot;:&quot;no&quot;}\" data-elementor-post-type=\"page\">\n\t\t\t\t\t\t<section class=\"elementor-section elementor-top-section elementor-element elementor-element-38c5791b elementor-section-height-min-height elementor-section-content-middle elementor-section-stretched elementor-section-boxed elementor-section-height-default elementor-section-items-middle wpr-particle-no wpr-jarallax-no wpr-parallax-no wpr-sticky-section-no jltma-glass-effect-no wpr-equal-height-no\" data-id=\"38c5791b\" data-element_type=\"section\" data-e-type=\"section\" data-settings=\"{&quot;background_background&quot;:&quot;classic&quot;,&quot;stretch_section&quot;:&quot;section-stretched&quot;,&quot;_ha_eqh_enable&quot;:false}\">\n\t\t\t\t\t\t\t<div class=\"elementor-background-overlay\"><\/div>\n\t\t\t\t\t\t\t<div class=\"elementor-container elementor-column-gap-default\">\n\t\t\t\t\t<div class=\"elementor-column elementor-col-100 elementor-top-column elementor-element elementor-element-6343b783 jltma-glass-effect-no\" data-id=\"6343b783\" data-element_type=\"column\" data-e-type=\"column\">\n\t\t\t<div class=\"elementor-widget-wrap elementor-element-populated\">\n\t\t\t\t\t\t\t<\/div>\n\t\t<\/div>\n\t\t\t\t\t<\/div>\n\t\t<\/section>\n\t\t\t\t<section class=\"elementor-section elementor-top-section elementor-element elementor-element-3323b825 elementor-section-content-middle elementor-section-stretched elementor-section-boxed elementor-section-height-default elementor-section-height-default wpr-particle-no wpr-jarallax-no wpr-parallax-no wpr-sticky-section-no jltma-glass-effect-no wpr-equal-height-no\" data-id=\"3323b825\" data-element_type=\"section\" data-e-type=\"section\" data-settings=\"{&quot;stretch_section&quot;:&quot;section-stretched&quot;,&quot;background_background&quot;:&quot;classic&quot;,&quot;_ha_eqh_enable&quot;:false}\">\n\t\t\t\t\t\t<div class=\"elementor-container elementor-column-gap-default\">\n\t\t\t\t\t<div class=\"elementor-column elementor-col-100 elementor-top-column elementor-element elementor-element-4660f403 jltma-glass-effect-no\" data-id=\"4660f403\" data-element_type=\"column\" data-e-type=\"column\">\n\t\t\t<div class=\"elementor-widget-wrap elementor-element-populated\">\n\t\t\t\t\t\t<div class=\"elementor-element elementor-element-42066fe5 jltma-glass-effect-no elementor-widget elementor-widget-image\" data-id=\"42066fe5\" data-element_type=\"widget\" data-e-type=\"widget\" data-settings=\"{&quot;ha_floating_fx&quot;:&quot;yes&quot;,&quot;ha_floating_fx_scale_toggle&quot;:&quot;yes&quot;,&quot;ha_floating_fx_scale_x&quot;:{&quot;unit&quot;:&quot;px&quot;,&quot;size&quot;:&quot;&quot;,&quot;sizes&quot;:{&quot;from&quot;:1,&quot;to&quot;:1.1999999999999999555910790149937383830547332763671875}},&quot;ha_floating_fx_scale_y&quot;:{&quot;unit&quot;:&quot;px&quot;,&quot;size&quot;:&quot;&quot;,&quot;sizes&quot;:{&quot;from&quot;:1,&quot;to&quot;:1.1999999999999999555910790149937383830547332763671875}},&quot;ha_floating_fx_scale_duration&quot;:{&quot;unit&quot;:&quot;px&quot;,&quot;size&quot;:1000,&quot;sizes&quot;:[]},&quot;ha_floating_fx_scale_delay&quot;:{&quot;unit&quot;:&quot;px&quot;,&quot;size&quot;:&quot;&quot;,&quot;sizes&quot;:[]}}\" data-widget_type=\"image.default\">\n\t\t\t\t<div class=\"elementor-widget-container\">\n\t\t\t\t\t\t\t\t\t\t\t\t\t\t\t<img decoding=\"async\" width=\"100\" height=\"103\" src=\"https:\/\/pirenne.com\/wp-content\/uploads\/2026\/04\/icon-1.png\" class=\"attachment-large size-large wp-image-2228\" alt=\"\" \/>\t\t\t\t\t\t\t\t\t\t\t\t\t\t\t<\/div>\n\t\t\t\t<\/div>\n\t\t\t\t<div class=\"elementor-element elementor-element-10816e51 jltma-glass-effect-no elementor-invisible elementor-widget elementor-widget-heading\" data-id=\"10816e51\" data-element_type=\"widget\" data-e-type=\"widget\" data-settings=\"{&quot;_animation&quot;:&quot;zoomIn&quot;}\" data-widget_type=\"heading.default\">\n\t\t\t\t<div class=\"elementor-widget-container\">\n\t\t\t\t\t<h1 class=\"elementor-heading-title elementor-size-default\">Vendre un bien \u00e0 Suisse (Gen\u00e8ve et Vaud)<\/h1>\t\t\t\t<\/div>\n\t\t\t\t<\/div>\n\t\t\t\t\t<\/div>\n\t\t<\/div>\n\t\t\t\t\t<\/div>\n\t\t<\/section>\n\t\t\t\t<section class=\"elementor-section elementor-top-section elementor-element elementor-element-56c41fda elementor-section-content-middle elementor-section-stretched elementor-section-boxed elementor-section-height-default elementor-section-height-default wpr-particle-no wpr-jarallax-no wpr-parallax-no wpr-sticky-section-no jltma-glass-effect-no wpr-equal-height-no\" data-id=\"56c41fda\" data-element_type=\"section\" data-e-type=\"section\" data-settings=\"{&quot;stretch_section&quot;:&quot;section-stretched&quot;,&quot;_ha_eqh_enable&quot;:false}\">\n\t\t\t\t\t\t<div class=\"elementor-container elementor-column-gap-default\">\n\t\t\t\t\t<div class=\"elementor-column elementor-col-100 elementor-top-column elementor-element elementor-element-4561277b jltma-glass-effect-no\" data-id=\"4561277b\" data-element_type=\"column\" data-e-type=\"column\">\n\t\t\t<div class=\"elementor-widget-wrap elementor-element-populated\">\n\t\t\t\t\t\t<div class=\"elementor-element elementor-element-6fa60bb7 jltma-glass-effect-no elementor-widget elementor-widget-heading\" data-id=\"6fa60bb7\" data-element_type=\"widget\" data-e-type=\"widget\" data-widget_type=\"heading.default\">\n\t\t\t\t<div class=\"elementor-widget-container\">\n\t\t\t\t\t<h2 class=\"elementor-heading-title elementor-size-default\">Biens en vente<\/h2>\t\t\t\t<\/div>\n\t\t\t\t<\/div>\n\t\t\t\t<div class=\"elementor-element elementor-element-39f9630 jltma-glass-effect-no elementor-widget elementor-widget-text-editor\" data-id=\"39f9630\" data-element_type=\"widget\" data-e-type=\"widget\" data-widget_type=\"text-editor.default\">\n\t\t\t\t<div class=\"elementor-widget-container\">\n\t\t\t\t\t\t\t\t\tContenu bient\u00f4t disponible\t\t\t\t\t\t\t\t<\/div>\n\t\t\t\t<\/div>\n\t\t\t\t<div class=\"elementor-element elementor-element-48bc0ba5 elementor-hidden-desktop elementor-hidden-tablet elementor-hidden-mobile jltma-glass-effect-no elementor-widget elementor-widget-es-listings-widget\" data-id=\"48bc0ba5\" data-element_type=\"widget\" data-e-type=\"widget\" data-widget_type=\"es-listings-widget.default\">\n\t\t\t\t<div class=\"elementor-widget-container\">\n\t\t\t\t\t\n    \n    <div class=\"es-wrap hestia\">\n                <div class=\"es-listing es-layout-3_col\" data-layout=\"es-layout-3_col\">\n                            \n<div id=\"post-1727\" class=\"properties post-1727 type-properties status-publish has-post-thumbnail hentry es_category-vente es_type-maison\">\n    <div class=\"es-property-inner\">\n        <div class=\"es-property-thumbnail\">\n            <div class=\"es-thumbnail\">\n                <a href=\"https:\/\/pirenne.com\/property\/maison-mitoyenne\/\">\n                                            <img fetchpriority=\"high\" decoding=\"async\" width=\"536\" height=\"370\" src=\"https:\/\/pirenne.com\/wp-content\/uploads\/2026\/04\/2785_690323dbf39102.65589784-536x370.jpg\" class=\"attachment-es-image-size-archive size-es-image-size-archive\" alt=\"\" \/>                    \n                                            <ul class=\"es-property-label-wrap\">\n                                                                                                                                                                                                                                                                                                    <\/ul>\n                    \t                                        <div class=\"es-thumbnail-bottom\">18<\/div>\n\t                                <\/a>\n            <\/div>\n        <\/div>\n\n        <div class=\"es-property-info\">\n\n            <div class=\"es-row-view\">\n                <h2>\n                    <a href=\"https:\/\/pirenne.com\/property\/maison-mitoyenne\/\">Maison mitoyenne<\/a>\n                                    <\/h2>\n            <\/div>\n\n            <div class=\"es-col-view\">\n                <h2>\n                    <a class=\"es-property-link\" href=\"https:\/\/pirenne.com\/property\/maison-mitoyenne\/\">Maison mitoyenne<\/a>\n\t                <a href='#' class='js-es-wishlist-button' data-id='1727' data-method='add'><i class='fa fa-heart-o' aria-hidden='true'><\/i><\/a>                <\/h2>\n\t                        <\/div>\n\n\t        \n            <div class=\"es-property-content\">\n                <div class=\"es-property-excerpt\">\n\t\t            <p>Situ\u00e9e dans la commune recherch\u00e9e de Corsier (GE) sur la Rive Gauche, cette jolie maison mitoyenne datant du d\u00e9but du XX\u00e8me si\u00e8cle se trouve sur une parcelle totalisant 760m2, et propose une surface habitable d&rsquo;approximativement 235m2, r\u00e9partie sur 3 \u00e9tages: (rez-de-chauss\u00e9e, 1er \u00e9tage, combles). La maison principale est compos\u00e9e comme<\/p>\n                <\/div>\n                <div class=\"es-property-wishlist\">\n\t\t            <a href='#' class='js-es-wishlist-button' data-id='1727' data-method='add'><i class='fa fa-heart-o' aria-hidden='true'><\/i><\/a>                <\/div>\n            <\/div>\n\n            \n            <div class=\"es-bottom-info\">\n                \t\t\t<div class=\"es-bottom-icon__list\">\t\t\t\t\t\t<span class=\"es-bottom-icon\">\n                            \t                            <span class=\"es-meta-icon es-meta-icon--area\" style=\"background-image: url(http:\/\/pirenne.com\/wp-content\/plugins\/estatik-pro\/assets\/images\/squirefit_icon.png);\"><\/span>\n                            \t\t\t\t\t\t\t250 m\u00b2                        <\/span>\n\t\t\t\t\t\t\t\t\t\t\t\t\t\t\t<span class=\"es-bottom-icon\">\n                            \t                            <span class=\"es-meta-icon es-meta-icon--bedrooms\" style=\"background-image: url(http:\/\/pirenne.com\/wp-content\/plugins\/estatik-pro\/assets\/images\/bed_icon.png);\"><\/span>\n                            \t\t\t\t\t\t\t5 lits                        <\/span>\n\t\t\t\t\t\t\t\t\t\t\t\t\t\t\t<span class=\"es-bottom-icon\">\n                            \t                            <span class=\"es-meta-icon es-meta-icon--bathrooms\" style=\"background-image: url(http:\/\/pirenne.com\/wp-content\/plugins\/estatik-pro\/assets\/images\/bath_icon.png);\"><\/span>\n                            \t\t\t\t\t\t\t2 bains                        <\/span>\n\t\t\t\t\t\t\t\t\t<\/div>\n\t\t\n                <div class=\"es-details-wrap\">\n                    <div class=\"es-details-flex\">\n                                                <span class=\"es-read-wrap\">\n                            <a href=\"https:\/\/pirenne.com\/property\/maison-mitoyenne\/\" class=\"es-button es-button-orange es-hover-show es-read\">D\u00e9tails<\/a>\n                        <\/span>\n                    <\/div>\n                <\/div>\n            <\/div>\n        <\/div>\n\n    <\/div>\n<\/div>\n                            \n<div id=\"post-1721\" class=\"properties post-1721 type-properties status-publish has-post-thumbnail hentry es_category-vente es_type-maison\">\n    <div class=\"es-property-inner\">\n        <div class=\"es-property-thumbnail\">\n            <div class=\"es-thumbnail\">\n                <a href=\"https:\/\/pirenne.com\/property\/mas\/\">\n                                            <img decoding=\"async\" width=\"536\" height=\"370\" src=\"https:\/\/pirenne.com\/wp-content\/uploads\/2026\/04\/2785_68e5291e588172.73377312-536x370.jpg\" class=\"attachment-es-image-size-archive size-es-image-size-archive\" alt=\"\" \/>                    \n                                            <ul class=\"es-property-label-wrap\">\n                                                                                                                                                                                                                                                                                                    <\/ul>\n                    \t                                        <div class=\"es-thumbnail-bottom\">5<\/div>\n\t                                <\/a>\n            <\/div>\n        <\/div>\n\n        <div class=\"es-property-info\">\n\n            <div class=\"es-row-view\">\n                <h2>\n                    <a href=\"https:\/\/pirenne.com\/property\/mas\/\">Mas<\/a>\n                                    <\/h2>\n            <\/div>\n\n            <div class=\"es-col-view\">\n                <h2>\n                    <a class=\"es-property-link\" href=\"https:\/\/pirenne.com\/property\/mas\/\">Mas<\/a>\n\t                <a href='#' class='js-es-wishlist-button' data-id='1721' data-method='add'><i class='fa fa-heart-o' aria-hidden='true'><\/i><\/a>                <\/h2>\n\t                        <\/div>\n\n\t        \n            <div class=\"es-property-content\">\n                <div class=\"es-property-excerpt\">\n\t\t            <p>Magnifique propri\u00e9t\u00e9 viticole au coeur du Priorat \/ Espagne<br \/>\nEl Molar \/ Catalogne \/ Espagne, El Molar<\/p>\n                <\/div>\n                <div class=\"es-property-wishlist\">\n\t\t            <a href='#' class='js-es-wishlist-button' data-id='1721' data-method='add'><i class='fa fa-heart-o' aria-hidden='true'><\/i><\/a>                <\/div>\n            <\/div>\n\n            \n            <div class=\"es-bottom-info\">\n                \t\t\t<div class=\"es-bottom-icon__list\">\t\t\t\t\t\t<span class=\"es-bottom-icon\">\n                            \t                            <span class=\"es-meta-icon es-meta-icon--area\" style=\"background-image: url(http:\/\/pirenne.com\/wp-content\/plugins\/estatik-pro\/assets\/images\/squirefit_icon.png);\"><\/span>\n                            \t\t\t\t\t\t\t400 m\u00b2                        <\/span>\n\t\t\t\t\t\t\t\t\t\t\t\t\t\t\t<span class=\"es-bottom-icon\">\n                            \t                            <span class=\"es-meta-icon es-meta-icon--bedrooms\" style=\"background-image: url(http:\/\/pirenne.com\/wp-content\/plugins\/estatik-pro\/assets\/images\/bed_icon.png);\"><\/span>\n                            \t\t\t\t\t\t\t12 lits                        <\/span>\n\t\t\t\t\t\t\t\t\t\t\t\t\t\t\t<span class=\"es-bottom-icon\">\n                            \t                            <span class=\"es-meta-icon es-meta-icon--bathrooms\" style=\"background-image: url(http:\/\/pirenne.com\/wp-content\/plugins\/estatik-pro\/assets\/images\/bath_icon.png);\"><\/span>\n                            \t\t\t\t\t\t\t1 de bain                        <\/span>\n\t\t\t\t\t\t\t\t\t<\/div>\n\t\t\n                <div class=\"es-details-wrap\">\n                    <div class=\"es-details-flex\">\n                                                <span class=\"es-read-wrap\">\n                            <a href=\"https:\/\/pirenne.com\/property\/mas\/\" class=\"es-button es-button-orange es-hover-show es-read\">D\u00e9tails<\/a>\n                        <\/span>\n                    <\/div>\n                <\/div>\n            <\/div>\n        <\/div>\n\n    <\/div>\n<\/div>\n                            \n<div id=\"post-1717\" class=\"properties post-1717 type-properties status-publish has-post-thumbnail hentry es_category-vente es_type-appartement\">\n    <div class=\"es-property-inner\">\n        <div class=\"es-property-thumbnail\">\n            <div class=\"es-thumbnail\">\n                <a href=\"https:\/\/pirenne.com\/property\/attique\/\">\n                                            <img loading=\"lazy\" decoding=\"async\" width=\"536\" height=\"370\" src=\"https:\/\/pirenne.com\/wp-content\/uploads\/2026\/04\/2785_69c53536f38768.23879289-536x370.jpg\" class=\"attachment-es-image-size-archive size-es-image-size-archive\" alt=\"\" \/>                    \n                                            <ul class=\"es-property-label-wrap\">\n                                                                                                                                                                                                                                                                                                    <\/ul>\n                    \t                                        <div class=\"es-thumbnail-bottom\">3<\/div>\n\t                                <\/a>\n            <\/div>\n        <\/div>\n\n        <div class=\"es-property-info\">\n\n            <div class=\"es-row-view\">\n                <h2>\n                    <a href=\"https:\/\/pirenne.com\/property\/attique\/\">Attique<\/a>\n                                    <\/h2>\n            <\/div>\n\n            <div class=\"es-col-view\">\n                <h2>\n                    <a class=\"es-property-link\" href=\"https:\/\/pirenne.com\/property\/attique\/\">Attique<\/a>\n\t                <a href='#' class='js-es-wishlist-button' data-id='1717' data-method='add'><i class='fa fa-heart-o' aria-hidden='true'><\/i><\/a>                <\/h2>\n\t                        <\/div>\n\n\t        \n            <div class=\"es-property-content\">\n                <div class=\"es-property-excerpt\">\n\t\t            <p>Bel appartement de 4.5 pi\u00e8ces sur plan \/ \u00ab\u00a0Chalet Spitzhorn\u00a0\u00bb \/ Gsteig<br \/>\nSaalistrasse, Gsteig b. Gstaad<\/p>\n                <\/div>\n                <div class=\"es-property-wishlist\">\n\t\t            <a href='#' class='js-es-wishlist-button' data-id='1717' data-method='add'><i class='fa fa-heart-o' aria-hidden='true'><\/i><\/a>                <\/div>\n            <\/div>\n\n            \n            <div class=\"es-bottom-info\">\n                \t\t\t<div class=\"es-bottom-icon__list\">\t\t\t\t\t\t<span class=\"es-bottom-icon\">\n                            \t                            <span class=\"es-meta-icon es-meta-icon--area\" style=\"background-image: url(http:\/\/pirenne.com\/wp-content\/plugins\/estatik-pro\/assets\/images\/squirefit_icon.png);\"><\/span>\n                            \t\t\t\t\t\t\t93.4 m\u00b2                        <\/span>\n\t\t\t\t\t\t\t\t\t\t\t\t\t\t\t<span class=\"es-bottom-icon\">\n                            \t                            <span class=\"es-meta-icon es-meta-icon--bedrooms\" style=\"background-image: url(http:\/\/pirenne.com\/wp-content\/plugins\/estatik-pro\/assets\/images\/bed_icon.png);\"><\/span>\n                            \t\t\t\t\t\t\t2 lits                        <\/span>\n\t\t\t\t\t\t\t\t\t\t\t\t\t\t\t<span class=\"es-bottom-icon\">\n                            \t                            <span class=\"es-meta-icon es-meta-icon--bathrooms\" style=\"background-image: url(http:\/\/pirenne.com\/wp-content\/plugins\/estatik-pro\/assets\/images\/bath_icon.png);\"><\/span>\n                            \t\t\t\t\t\t\t1 de bain                        <\/span>\n\t\t\t\t\t\t\t\t\t<\/div>\n\t\t\n                <div class=\"es-details-wrap\">\n                    <div class=\"es-details-flex\">\n                                                <span class=\"es-read-wrap\">\n                            <a href=\"https:\/\/pirenne.com\/property\/attique\/\" class=\"es-button es-button-orange es-hover-show es-read\">D\u00e9tails<\/a>\n                        <\/span>\n                    <\/div>\n                <\/div>\n            <\/div>\n        <\/div>\n\n    <\/div>\n<\/div>\n                            \n<div id=\"post-1706\" class=\"properties post-1706 type-properties status-publish has-post-thumbnail hentry es_category-vente es_type-appartement\">\n    <div class=\"es-property-inner\">\n        <div class=\"es-property-thumbnail\">\n            <div class=\"es-thumbnail\">\n                <a href=\"https:\/\/pirenne.com\/property\/appartement-en-terrasse\/\">\n                                            <img loading=\"lazy\" decoding=\"async\" width=\"536\" height=\"370\" src=\"https:\/\/pirenne.com\/wp-content\/uploads\/2026\/04\/2785_69710a8f713c12.81455521-536x370.webp\" class=\"attachment-es-image-size-archive size-es-image-size-archive\" alt=\"\" \/>                    \n                                            <ul class=\"es-property-label-wrap\">\n                                                                                                                                                                                                                                                                                                    <\/ul>\n                    \t                                        <div class=\"es-thumbnail-bottom\">9<\/div>\n\t                                <\/a>\n            <\/div>\n        <\/div>\n\n        <div class=\"es-property-info\">\n\n            <div class=\"es-row-view\">\n                <h2>\n                    <a href=\"https:\/\/pirenne.com\/property\/appartement-en-terrasse\/\">Appartement en terrasse<\/a>\n                                    <\/h2>\n            <\/div>\n\n            <div class=\"es-col-view\">\n                <h2>\n                    <a class=\"es-property-link\" href=\"https:\/\/pirenne.com\/property\/appartement-en-terrasse\/\">Appartement en terrasse<\/a>\n\t                <a href='#' class='js-es-wishlist-button' data-id='1706' data-method='add'><i class='fa fa-heart-o' aria-hidden='true'><\/i><\/a>                <\/h2>\n\t                        <\/div>\n\n\t        \n            <div class=\"es-property-content\">\n                <div class=\"es-property-excerpt\">\n\t\t            <p>Charmant appartement de 4.5 pi\u00e8ces au centre de Chateau-d&rsquo;Oex<br \/>\n5 chemin de l&rsquo;Ancien Comt\u00e9 \/ 1660 Ch\u00e2teau-d&rsquo;Oex, Ch\u00e2teau-d&rsquo;Oex<\/p>\n                <\/div>\n                <div class=\"es-property-wishlist\">\n\t\t            <a href='#' class='js-es-wishlist-button' data-id='1706' data-method='add'><i class='fa fa-heart-o' aria-hidden='true'><\/i><\/a>                <\/div>\n            <\/div>\n\n            \n            <div class=\"es-bottom-info\">\n                \t\t\t<div class=\"es-bottom-icon__list\">\t\t\t\t\t\t<span class=\"es-bottom-icon\">\n                            \t                            <span class=\"es-meta-icon es-meta-icon--area\" style=\"background-image: url(http:\/\/pirenne.com\/wp-content\/plugins\/estatik-pro\/assets\/images\/squirefit_icon.png);\"><\/span>\n                            \t\t\t\t\t\t\t95 m\u00b2                        <\/span>\n\t\t\t\t\t\t\t\t\t\t\t\t\t\t\t<span class=\"es-bottom-icon\">\n                            \t                            <span class=\"es-meta-icon es-meta-icon--bedrooms\" style=\"background-image: url(http:\/\/pirenne.com\/wp-content\/plugins\/estatik-pro\/assets\/images\/bed_icon.png);\"><\/span>\n                            \t\t\t\t\t\t\t3 lits                        <\/span>\n\t\t\t\t\t\t\t\t\t\t\t\t\t\t\t<span class=\"es-bottom-icon\">\n                            \t                            <span class=\"es-meta-icon es-meta-icon--bathrooms\" style=\"background-image: url(http:\/\/pirenne.com\/wp-content\/plugins\/estatik-pro\/assets\/images\/bath_icon.png);\"><\/span>\n                            \t\t\t\t\t\t\t1 de bain                        <\/span>\n\t\t\t\t\t\t\t\t\t<\/div>\n\t\t\n                <div class=\"es-details-wrap\">\n                    <div class=\"es-details-flex\">\n                                                <span class=\"es-read-wrap\">\n                            <a href=\"https:\/\/pirenne.com\/property\/appartement-en-terrasse\/\" class=\"es-button es-button-orange es-hover-show es-read\">D\u00e9tails<\/a>\n                        <\/span>\n                    <\/div>\n                <\/div>\n            <\/div>\n        <\/div>\n\n    <\/div>\n<\/div>\n                    <\/div>\n\n            <\/div>\n    <div class=\"es-powered\">\n\t<p>\n\t\tPropuls\u00e9 par <a href=\"https:\/\/estatik.net\" target=\"_blank\"> Estatik <\/a>\t<\/p>\n<\/div>\n        \t\t\t\t<\/div>\n\t\t\t\t<\/div>\n\t\t\t\t\t<\/div>\n\t\t<\/div>\n\t\t\t\t\t<\/div>\n\t\t<\/section>\n\t\t\t\t<\/div>\n\t\t","protected":false},"excerpt":{"rendered":"<p>Vendre un bien \u00e0 Suisse (Gen\u00e8ve et Vaud) Biens en vente Contenu bient\u00f4t disponible 18 Maison mitoyenne Maison mitoyenne Situ\u00e9e dans la commune recherch\u00e9e de Corsier (GE) sur la Rive Gauche, cette jolie maison mitoyenne datant du d\u00e9but du XX\u00e8me si\u00e8cle se trouve sur une parcelle totalisant 760m2, et propose<\/p>\n","protected":false},"author":26,"featured_media":0,"parent":1633,"menu_order":0,"comment_status":"closed","ping_status":"closed","template":"","meta":{"_acf_changed":false,"footnotes":""},"class_list":["post-2235","page","type-page","status-publish","hentry"],"acf":[],"aioseo_notices":[],"_links":{"self":[{"href":"https:\/\/pirenne.com\/nov-apijson\/wp\/v2\/pages\/2235","targetHints":{"allow":["GET"]}}],"collection":[{"href":"https:\/\/pirenne.com\/nov-apijson\/wp\/v2\/pages"}],"about":[{"href":"https:\/\/pirenne.com\/nov-apijson\/wp\/v2\/types\/page"}],"author":[{"embeddable":true,"href":"https:\/\/pirenne.com\/nov-apijson\/wp\/v2\/users\/26"}],"replies":[{"embeddable":true,"href":"https:\/\/pirenne.com\/nov-apijson\/wp\/v2\/comments?post=2235"}],"version-history":[{"count":13,"href":"https:\/\/pirenne.com\/nov-apijson\/wp\/v2\/pages\/2235\/revisions"}],"predecessor-version":[{"id":2321,"href":"https:\/\/pirenne.com\/nov-apijson\/wp\/v2\/pages\/2235\/revisions\/2321"}],"up":[{"embeddable":true,"href":"https:\/\/pirenne.com\/nov-apijson\/wp\/v2\/pages\/1633"}],"wp:attachment":[{"href":"https:\/\/pirenne.com\/nov-apijson\/wp\/v2\/media?parent=2235"}],"curies":[{"name":"wp","href":"https:\/\/api.w.org\/{rel}","templated":true}]}}